{"id":12,"date":"2014-05-30T09:21:44","date_gmt":"2014-05-30T09:21:44","guid":{"rendered":"http:\/\/serwer1404723.home.pl\/rajdkonwalii.pl\/lato_new\/?page_id=12"},"modified":"2017-02-21T11:46:37","modified_gmt":"2017-02-21T11:46:37","slug":"galeria","status":"publish","type":"page","link":"http:\/\/rajdkonwalii.pl\/lato\/galeria\/","title":{"rendered":"Galeria"},"content":{"rendered":"<p><strong>Zdj\u0119cia i relacje z VII Rajdu Konwalii (2016)<\/strong><\/p>\n<p><a href=\"http:\/\/adventuresport.pl\/neverending-race\/\">Relacja Aga Staniewska z trasy Adventure<\/a><\/p>\n<p><a href=\"https:\/\/www.facebook.com\/pg\/rajdkonwalii\/photos\/\">Zdj\u0119cia na FB organizatora<\/a><\/p>\n<p><a href=\"http:\/\/sebawojc.blogspot.com\/2016\/08\/vii-rajd-konwalii-czaplinek-6-viii-2016.html\">Relacja Sebastiana Wojciecha z trasy Medium<\/a><\/p>\n<p><strong>Zdj\u0119cia i relacje z VI Rajdu Konwalii (2015)<\/strong><\/p>\n<p><a href=\"https:\/\/www.facebook.com\/rajdkonwalii\/photos_stream?tab=photos_albums\">Zdj\u0119cia na FB organizatora<\/a><\/p>\n<p><a href=\"https:\/\/picasaweb.google.com\/109632923735662037668\/RajdKonwaliiPunktKontrolny\">Galeria Jakuba Sawo\u015bcianika<\/a><\/p>\n<p><a href=\"https:\/\/plus.google.com\/photos\/116127587202155554909\/albums\/6181441539631881681\">Galeria Andrzeja Galla<\/a><\/p>\n<p><a href=\"http:\/\/playing-favorites.blogspot.com\/2015\/08\/rajd-konwalii-2015-upa-kontratakuje.html\">Relacja z trasy Bike &#8211; Joanna Konieczna<\/a><\/p>\n<p><strong>Relacje z V Rajdu Konwalii (2014)<\/strong><\/p>\n<p><a href=\"http:\/\/www.jednoscplanszewo.pl\/blog\/?p=573\">Jedno\u015b\u0107 Planszewo &#8211; trasa Adventure<\/a><\/p>\n<p><a href=\"http:\/\/arturbednarek.blogspot.com\/2014\/08\/5rajdkonwalii.html\">Artur Bednarek &#8211; trasa Medium<\/a><\/p>\n<p><a href=\"http:\/\/marcinkargol.pl\/rajd-konwalii-2014-relacja\/\">Marcin Kargol &#8211; trasa Relax<\/a><\/p>\n<p><b>Mapy z V Rajdu Konwalii (2014):<\/b><\/p>\n<p><a href=\"http:\/\/rajdkonwalii.pl\/lato\/wp-content\/uploads\/2014\/08\/adventure-1.png\" target=\"_blank\">Adventure mapa 1<\/a><br \/>\n<a href=\"http:\/\/rajdkonwalii.pl\/lato\/wp-content\/uploads\/2014\/08\/adventure2.png\" target=\"_blank\">Adventure mapa 2<\/a><br \/>\n<a href=\"http:\/\/rajdkonwalii.pl\/lato\/wp-content\/uploads\/2014\/08\/bike1.png\" target=\"_blank\">Bike mapa 1<\/a><br \/>\n<a href=\"http:\/\/rajdkonwalii.pl\/lato\/wp-content\/uploads\/2014\/08\/bike2.png\" target=\"_blank\">Bike mapa 2<\/a><br \/>\n<a href=\"http:\/\/rajdkonwalii.pl\/lato\/wp-content\/uploads\/2014\/08\/medium1.png\" target=\"_blank\">Medium mapa 1<\/a><br \/>\n<a href=\"http:\/\/rajdkonwalii.pl\/lato\/wp-content\/uploads\/2014\/08\/medium2.png\" target=\"_blank\">Medium mapa 2<\/a><br \/>\n<a href=\"http:\/\/rajdkonwalii.pl\/lato\/wp-content\/uploads\/2014\/08\/relax1-kopia.png\" target=\"_blank\">Relax<\/a><\/p>\n<p><b>Zdj\u0119cia i relacje z IV Rajdu Konwalii (2013):<\/b><\/p>\n<p><a href=\"https:\/\/www.facebook.com\/notes\/marek-muszynski\/iv-rajd-konwalii\/680673078614263\" target=\"_blank\">Marek Muszy\u0144ski (On-Sight) &#8211; trasa Adventure IV miejsce<\/a><\/p>\n<p><a href=\"http:\/\/www.rajdkonwalii.pl\/team\/?p=430\" target=\"_blank\">Adrianna Kobusi\u0144ska (rajdkonwalii.pl TEAM) &#8211; trasa Adventure VI miejsce<\/a><\/p>\n<p><a href=\"http:\/\/trailteam.pl\/blog\/2013\/07\/salewa-briko-trailteam-vs-rajd-konwalii-iv\/\" target=\"_blank\">\u0141ukasz Warmuz (Salewa BRIKO Trailteam) &#8211; trasa Adventure I miejsce<\/a><\/p>\n<p><a href=\"http:\/\/nonstopadventure.pl\/konwaliowy-standard-orientacji\/\" target=\"_blank\">Andrzej Brandt (Nonstop Adventure Mix) &#8211; trasa Adventure VII miejsce<\/a><\/p>\n<p><a href=\"http:\/\/iroman.pl\/iv-rajd-konwalii\/\" target=\"_blank\">Irek Kocio\u0142ek &#8211; trasa Adventure<\/a><\/p>\n<p><a href=\"http:\/\/trailteam.pl\/members\/pavulon\/activity\/3247\/\" target=\"_blank\">Pawe\u0142 G\u00f3rczy\u0144ski &#8211; trasa Medium I miejsce<\/a><\/p>\n<p><a href=\"http:\/\/www.team360.pl\/pl\/node\/4387\" target=\"_blank\">Relacja na blogu team360 &#8211; pisze Igor B\u0142achut<\/a><\/p>\n<p><a href=\"https:\/\/picasaweb.google.com\/azymutmochy\/IVRajdKonwalii?noredirect=1\" target=\"_blank\">Zdj\u0119cia z IV Rajdu Konwalii<\/a><\/p>\n<p>Zdj\u0119cia r\u00f3wnie\u017c na profilu facebookowym<\/p>\n<p><b>Zdj\u0119cia i relacje z III Rajdu Konwalii (2012):<\/b><\/p>\n<p><a href=\"http:\/\/trailteam.pl\/blog\/2012\/08\/rajd-konwalii-2012-czyli-egzamin-dojrzalosci\/\" target=\"_blank\">Relacja TrailTeam<\/a><\/p>\n<p><a href=\"http:\/\/www.10bkpanc.wp.mil.pl\/pl\/2_1551.html\" target=\"_blank\">Artyku\u0142 na stronie 10 Brygady Kawalerii Pancernej<\/a><\/p>\n<p><a href=\"http:\/\/mtb-mochy.bloog.pl\/id,331901155,title,Rajd-Konwalii,index.html?ticaid=6f5c4\" target=\"_blank\">Relacja Bartosza Miko\u0142ajczaka (trasa rowerowa)<\/a><\/p>\n<p><a href=\"http:\/\/stowarzysze.om.pttk.pl\/?page_id=511\" target=\"_blank\">Relacja KInO Stowarysze (trasa rowerowa)<\/a><\/p>\n<p><a href=\"http:\/\/www.rajdkonwalii.pl\/team\/?p=298\" target=\"_blank\">Relacja W\u0142adka Sielickiego (trasa Extreme)<\/a><\/p>\n<p><a href=\"http:\/\/mavic.bikestats.pl\/\" target=\"_blank\">Relacja Paw\u0142a Banaszkiewicza (trasa rowerowa)<\/a><\/p>\n<p><a href=\"http:\/\/www.onsight.pl\/index.php?site=relacje&amp;rel_id=232\" target=\"_blank\">Relacja On-Sight(trasa rowerowa)<\/a><\/p>\n<p><a href=\"http:\/\/www.borman.pl\/2012\/08\/09\/iii-rajd-konwalii-kolejny-level-zaliczony-migawka-pierwsza\/\" target=\"_blank\">Relacja Marcina Marianowskiego (trasa Extreme)<\/a><\/p>\n<p><a href=\"http:\/\/urkye.blogspot.com\/2012\/08\/rajd-konwalii-2012-mission-complete.html\" target=\"_blank\">Relacja Uli Jerzak (trasa Relax)<\/a><\/p>\n<p>Zdj\u0119cia z tej edycji rajdu na profilu facebookowym<\/p>\n<p><b>Zdj\u0119cia i relacje z II Rajdu Konwalii (2011):<\/b><\/p>\n<p><a href=\"http:\/\/picasaweb.google.com\/azymutmochy\/IIRajdKonwalii\" target=\"_blank\">Galeria zdj\u0119\u0107 1<\/a><\/p>\n<p><a href=\"http:\/\/picasaweb.google.com\/azymutmochy\/IIRajdKonwaliiCz2\" target=\"_blank\">Galeria zdj\u0119\u0107 2<\/a><\/p>\n<p><a href=\"http:\/\/picasaweb.google.com\/azymutmochy\/Rajd\" target=\"_blank\">Galeria zdj\u0119\u0107 3<\/a><\/p>\n<p><a href=\"http:\/\/wrozbieg.wordpress.com\/2011\/08\/01\/deszcze-bardzo-spokojne-czyli-ii-rajd-konwalii\/\" target=\"_blank\">Relacja Ireneusza Kocio\u0142ka<\/a><\/p>\n<p><a href=\"http:\/\/napieraj.pl\/index.php?option=com_multicategories&amp;view=article&amp;id=454\" target=\"_blank\">Relacja Paw\u0142a Paku\u0142y<\/a><\/p>\n<p><a href=\"http:\/\/www.rajdkonwalii.pl\/team\/wp-content\/uploads\/2011\/08\/gazetaABC.jpg\" target=\"_blank\">Artyku\u0142 w ABC Leszno<\/a><\/p>\n<p><b>Zdj\u0119cia i relacje z I Rajdu Konwalii (2010):<\/b><\/p>\n<p><a href=\"http:\/\/picasaweb.google.com\/azymutmochy\/IRajdKonwalii\" target=\"_blank\">Galeria zdj\u0119\u0107<\/a><\/p>\n<p><a href=\"http:\/\/wrozbieg.wordpress.com\/2010\/08\/04\/i-rajd-konwalii-czyli-upragniony-sukces\/\" target=\"_blank\">Relacja Ireneusza Kocio\u0142ka<\/a><\/p>\n","protected":false},"excerpt":{"rendered":"<p>Zdj\u0119cia i relacje z VII Rajdu Konwalii (2016) Relacja Aga Staniewska z trasy Adventure Zdj\u0119cia na FB organizatora Relacja Sebastiana Wojciecha z trasy Medium Zdj\u0119cia i relacje z VI Rajdu Konwalii (2015) Zdj\u0119cia na FB organizatora Galeria Jakuba Sawo\u015bcianika Galeria Andrzeja Galla Relacja z trasy Bike &#8211; Joanna Konieczna Relacje z V Rajdu Konwalii (2014) &hellip; <\/p>\n<p><a class=\"more-link block-button\" href=\"http:\/\/rajdkonwalii.pl\/lato\/galeria\/\">Kontynuuj czytanie &raquo;<\/a><\/p>\n","protected":false},"author":1,"featured_media":0,"parent":0,"menu_order":0,"comment_status":"open","ping_status":"open","template":"","meta":[],"_links":{"self":[{"href":"http:\/\/rajdkonwalii.pl\/lato\/wp-json\/wp\/v2\/pages\/12"}],"collection":[{"href":"http:\/\/rajdkonwalii.pl\/lato\/wp-json\/wp\/v2\/pages"}],"about":[{"href":"http:\/\/rajdkonwalii.pl\/lato\/wp-json\/wp\/v2\/types\/page"}],"author":[{"embeddable":true,"href":"http:\/\/rajdkonwalii.pl\/lato\/wp-json\/wp\/v2\/users\/1"}],"replies":[{"embeddable":true,"href":"http:\/\/rajdkonwalii.pl\/lato\/wp-json\/wp\/v2\/comments?post=12"}],"version-history":[{"count":9,"href":"http:\/\/rajdkonwalii.pl\/lato\/wp-json\/wp\/v2\/pages\/12\/revisions"}],"predecessor-version":[{"id":268,"href":"http:\/\/rajdkonwalii.pl\/lato\/wp-json\/wp\/v2\/pages\/12\/revisions\/268"}],"wp:attachment":[{"href":"http:\/\/rajdkonwalii.pl\/lato\/wp-json\/wp\/v2\/media?parent=12"}],"curies":[{"name":"wp","href":"https:\/\/api.w.org\/{rel}","templated":true}]}}