{"id":4,"date":"2014-05-30T09:19:46","date_gmt":"2014-05-30T09:19:46","guid":{"rendered":"http:\/\/serwer1404723.home.pl\/rajdkonwalii.pl\/lato_new\/?page_id=4"},"modified":"2020-06-23T05:28:19","modified_gmt":"2020-06-23T05:28:19","slug":"informacje","status":"publish","type":"page","link":"http:\/\/rajdkonwalii.pl\/lato\/informacje\/","title":{"rendered":"Informacje"},"content":{"rendered":"<p><strong>Termin<\/strong><\/p>\n<p>25 lipca\u00a02020 r. &#8211; trasa Speed<br \/>\n26 lipca 2020 r. &#8211; trasa Bike oraz Relax<\/p>\n<p><strong>Baza<\/strong><\/p>\n<p>biuro i baza Rajdu mie\u015bci\u0107 si\u0119 b\u0119dzie w <a href=\"https:\/\/www.google.com\/maps\/place\/Harcerski+O%C5%9Brodek+Edukacyjny+i+Wypoczynkowy+%22FOLUSZ%22\/@52.7895777,17.8306989,15z\/data=!4m5!3m4!1s0x0:0x1f3703595122820b!8m2!3d52.7895777!4d17.8306989\">Harcerskim O\u015brodku Edukacyjno-Wypoczynkowym w Foluszu<\/a><\/p>\n<p><strong>Wst\u0119pny harmonogram<\/strong><\/p>\n<p>Pi\u0105tek\u00a024.07<\/p>\n<p>19:00 &#8211; otwarcie bazy zawod\u00f3w &#8211; mo\u017cliwo\u015b\u0107 noclegu na miejscu pod namiotem<\/p>\n<p>Sobota\u00a025.07<br \/>\n7:00 &#8211; otwarcie biura zawod\u00f3w dla trasy Speed<br \/>\n8:45 &#8211; odprawa\u00a0i rozdanie map<br \/>\n9:00 &#8211; start trasy Speed<br \/>\n21:00 &#8211; limit czasu dla trasy Speed<\/p>\n<p>Niedziele 26.07<br \/>\n7:00 &#8211; otwarcie biura zawod\u00f3w dla tras Bike oraz Relax<br \/>\n8:45 &#8211; odprawa\u00a0i rozdanie map<br \/>\n9:00 &#8211; start trasy Relax oraz Bike<br \/>\n17:00 &#8211; limit czasu dla tras Relax oraz Bike<br \/>\n<strong>Wpisowe<\/strong><\/p>\n<p>Wpisowe na Rajd wynosi:<\/p>\n<table>\n<tbody>\n<tr>\n<td><\/td>\n<td>Pierwsze 20 zespo\u0142\u00f3w<\/td>\n<td>Kolejne 20 zespo\u0142\u00f3w<\/td>\n<td>Pozosta\u0142e zespo\u0142y<\/td>\n<\/tr>\n<tr>\n<td>Trasa Speed<\/td>\n<td>180 z\u0142\u00a0od zespo\u0142u (nadajnik GPS w cenie)<\/td>\n<td>210 z\u0142\u00a0od zespo\u0142u (nadajnik GPS w cenie)<\/td>\n<td>210 z\u0142\u00a0od zespo\u0142u<\/td>\n<\/tr>\n<tr>\n<\/tbody>\n<\/table>\n<table>\n<tbody>\n<tr>\n<td><\/td>\n<td>P\u0142atne do 30 czerwca 2020r.<\/td>\n<td>P\u0142atne po 30 czerwca 2020r.<\/td>\n<td>nadajnik GPS &#8211; \u015bled\u017agps.pl<\/td>\n<\/tr>\n<tr>\n<td>Trasa Bike i Relax<\/td>\n<td>50z\u0142<\/td>\n<td>65z\u0142<\/td>\n<td>+10z\u0142<\/td>\n<\/tr>\n<tr>\n<\/tbody>\n<\/table>\n<p>Wpisowe nale\u017cy uiszcza\u0107 na konto:<br \/>\nDeutsche Bank 86 1910 1048 2667 4028 0767 0001<br \/>\nAdventure Sport Marek Galla<br \/>\nul. R\u00f3\u017cana 4<br \/>\n64-234 Mochy<br \/>\nTytu\u0142: Rajd Konwalii\u00a0+ [nazwa zespo\u0142u]<\/p>\n","protected":false},"excerpt":{"rendered":"<p>Termin 25 lipca\u00a02020 r. &#8211; trasa Speed 26 lipca 2020 r. &#8211; trasa Bike oraz Relax Baza biuro i baza Rajdu mie\u015bci\u0107 si\u0119 b\u0119dzie w Harcerskim O\u015brodku Edukacyjno-Wypoczynkowym w Foluszu Wst\u0119pny harmonogram Pi\u0105tek\u00a024.07 19:00 &#8211; otwarcie bazy zawod\u00f3w &#8211; mo\u017cliwo\u015b\u0107 noclegu na miejscu pod namiotem Sobota\u00a025.07 7:00 &#8211; otwarcie biura zawod\u00f3w dla trasy Speed 8:45 &hellip; <\/p>\n<p><a class=\"more-link block-button\" href=\"http:\/\/rajdkonwalii.pl\/lato\/informacje\/\">Kontynuuj czytanie &raquo;<\/a><\/p>\n","protected":false},"author":1,"featured_media":0,"parent":0,"menu_order":0,"comment_status":"open","ping_status":"open","template":"","meta":[],"_links":{"self":[{"href":"http:\/\/rajdkonwalii.pl\/lato\/wp-json\/wp\/v2\/pages\/4"}],"collection":[{"href":"http:\/\/rajdkonwalii.pl\/lato\/wp-json\/wp\/v2\/pages"}],"about":[{"href":"http:\/\/rajdkonwalii.pl\/lato\/wp-json\/wp\/v2\/types\/page"}],"author":[{"embeddable":true,"href":"http:\/\/rajdkonwalii.pl\/lato\/wp-json\/wp\/v2\/users\/1"}],"replies":[{"embeddable":true,"href":"http:\/\/rajdkonwalii.pl\/lato\/wp-json\/wp\/v2\/comments?post=4"}],"version-history":[{"count":37,"href":"http:\/\/rajdkonwalii.pl\/lato\/wp-json\/wp\/v2\/pages\/4\/revisions"}],"predecessor-version":[{"id":423,"href":"http:\/\/rajdkonwalii.pl\/lato\/wp-json\/wp\/v2\/pages\/4\/revisions\/423"}],"wp:attachment":[{"href":"http:\/\/rajdkonwalii.pl\/lato\/wp-json\/wp\/v2\/media?parent=4"}],"curies":[{"name":"wp","href":"https:\/\/api.w.org\/{rel}","templated":true}]}}